{"id":1939,"date":"2025-06-23T11:10:48","date_gmt":"2025-06-23T11:10:48","guid":{"rendered":"https:\/\/staging.pace.berlin\/events\/?page_id=1939"},"modified":"2025-07-10T08:09:23","modified_gmt":"2025-07-10T08:09:23","slug":"nachhaltigkeit","status":"publish","type":"page","link":"https:\/\/pace.berlin\/events\/ueber-uns\/nachhaltigkeit\/","title":{"rendered":"Nachhaltigkeit"},"content":{"rendered":"\t\t<div data-elementor-type=\"wp-page\" data-elementor-id=\"1939\" class=\"elementor elementor-1939\" data-elementor-post-type=\"page\">\n\t\t\t\t<div class=\"elementor-element elementor-element-f26edae e-grid e-con-full fullsize-video hero-h1-normal e-con e-parent\" data-id=\"f26edae\" data-element_type=\"container\" data-e-type=\"container\" data-settings=\"{&quot;background_background&quot;:&quot;classic&quot;}\">\n\t\t<div class=\"elementor-element elementor-element-5e73406e e-grid e-con-boxed e-con e-child\" data-id=\"5e73406e\" data-element_type=\"container\" data-e-type=\"container\">\n\t\t\t\t\t<div class=\"e-con-inner\">\n\t\t\t\t<div class=\"elementor-element elementor-element-412c760 head_breadcrumb elementor-widget elementor-widget-text-editor\" data-id=\"412c760\" data-element_type=\"widget\" data-e-type=\"widget\" data-widget_type=\"text-editor.default\">\n\t\t\t\t<div class=\"elementor-widget-container\">\n\t\t\t\t\t\t\t\t\t<p>Nachhaltigkeit bei Events<\/p>\t\t\t\t\t\t\t\t<\/div>\n\t\t\t\t<\/div>\n\t\t\t\t<div class=\"elementor-element elementor-element-10a2d393 elementor-widget elementor-widget-heading\" data-id=\"10a2d393\" data-element_type=\"widget\" data-e-type=\"widget\" data-widget_type=\"heading.default\">\n\t\t\t\t<div class=\"elementor-widget-container\">\n\t\t\t\t\t<h1 class=\"elementor-heading-title elementor-size-default\">Nachhaltigkeit bei Events<\/h1>\t\t\t\t<\/div>\n\t\t\t\t<\/div>\n\t\t\t\t\t<\/div>\n\t\t\t\t<\/div>\n\t\t\t\t<\/div>\n\t\t<div class=\"elementor-element elementor-element-edfee8b e-flex e-con-boxed e-con e-parent\" data-id=\"edfee8b\" data-element_type=\"container\" data-e-type=\"container\">\n\t\t\t\t\t<div class=\"e-con-inner\">\n\t\t<div class=\"elementor-element elementor-element-182d450 e-con-full e-flex e-con e-child\" data-id=\"182d450\" data-element_type=\"container\" data-e-type=\"container\" data-settings=\"{&quot;motion_fx_motion_fx_scrolling&quot;:&quot;yes&quot;,&quot;motion_fx_translateX_effect&quot;:&quot;yes&quot;,&quot;motion_fx_translateX_direction&quot;:&quot;negative&quot;,&quot;motion_fx_translateX_speed&quot;:{&quot;unit&quot;:&quot;px&quot;,&quot;size&quot;:4,&quot;sizes&quot;:[]},&quot;motion_fx_translateX_affectedRange&quot;:{&quot;unit&quot;:&quot;%&quot;,&quot;size&quot;:&quot;&quot;,&quot;sizes&quot;:{&quot;start&quot;:0,&quot;end&quot;:100}},&quot;motion_fx_devices&quot;:[&quot;desktop&quot;,&quot;tablet&quot;,&quot;mobile&quot;]}\">\n\t\t\t\t<div class=\"elementor-element elementor-element-d85a436 elementor-widget elementor-widget-heading\" data-id=\"d85a436\" data-element_type=\"widget\" data-e-type=\"widget\" data-widget_type=\"heading.default\">\n\t\t\t\t<div class=\"elementor-widget-container\">\n\t\t\t\t\t<h2 class=\"elementor-heading-title elementor-size-default\">Nachhaltige Veranstaltungen planen<\/h2>\t\t\t\t<\/div>\n\t\t\t\t<\/div>\n\t\t\t\t<\/div>\n\t\t<div class=\"elementor-element elementor-element-73fefd0 e-con-full e-flex e-con e-child\" data-id=\"73fefd0\" data-element_type=\"container\" data-e-type=\"container\" data-settings=\"{&quot;motion_fx_motion_fx_scrolling&quot;:&quot;yes&quot;,&quot;motion_fx_translateX_effect&quot;:&quot;yes&quot;,&quot;motion_fx_translateX_speed&quot;:{&quot;unit&quot;:&quot;px&quot;,&quot;size&quot;:&quot;6&quot;,&quot;sizes&quot;:[]},&quot;motion_fx_translateX_affectedRange&quot;:{&quot;unit&quot;:&quot;%&quot;,&quot;size&quot;:&quot;&quot;,&quot;sizes&quot;:{&quot;start&quot;:0,&quot;end&quot;:100}},&quot;motion_fx_devices&quot;:[&quot;desktop&quot;,&quot;tablet&quot;,&quot;mobile&quot;]}\">\n\t\t\t\t<div class=\"elementor-element elementor-element-e6d7b8f elementor-widget elementor-widget-text-editor\" data-id=\"e6d7b8f\" data-element_type=\"widget\" data-e-type=\"widget\" data-widget_type=\"text-editor.default\">\n\t\t\t\t<div class=\"elementor-widget-container\">\n\t\t\t\t\t\t\t\t\t<div class=\"simple-page dark\"><div class=\"container\"><div class=\"row\"><div class=\"col-xl-10 offset-xl-1 col-lg-12\"><p>In unserer heutigen Welt ist Nachhaltigkeit mehr als nur ein Schlagwort \u2013 es ist eine Lebensweise. Bei Events bedeutet dies, Ressourcen effizient zu nutzen, umweltfreundliche Praktiken zu f\u00f6rdern und die lokale Gemeinschaft zu st\u00e4rken.\u00a0<\/p><\/div><\/div><\/div><\/div><div><div class=\"container\"><div class=\"row\"><div class=\"col-xl-10 offset-xl-1 col-lg-12\"><div class=\"vc_row wpb_row vc_row-fluid vc_custom_1697008455095\"><div class=\"wpb_column vc_column_container vc_col-sm-12\"><div class=\"vc_column-inner\"><div class=\"wpb_wrapper\"><div class=\"wpb_text_column wpb_content_element \"><div class=\"wpb_wrapper\"><div class=\"simple-page dark\"><div class=\"container\"><div class=\"row\"><div class=\"col-xl-10 offset-xl-1 col-lg-12\"><p>In unserer heutigen Welt ist Nachhaltigkeit mehr als nur ein Schlagwort \u2013 es ist eine Lebensweise. Bei Events bedeutet dies, Ressourcen effizient zu nutzen, umweltfreundliche Praktiken zu f\u00f6rdern und die lokale Gemeinschaft zu st\u00e4rken.\u00a0<\/p><\/div><\/div><\/div><\/div><div><div class=\"container\"><div class=\"row\"><div class=\"col-xl-10 offset-xl-1 col-lg-12\"><div class=\"vc_row wpb_row vc_row-fluid vc_custom_1697008455095\"><div class=\"wpb_column vc_column_container vc_col-sm-12\"><div class=\"vc_column-inner\"><div class=\"wpb_wrapper\"><div class=\"wpb_text_column wpb_content_element \"><div class=\"wpb_wrapper\">\u00a0<\/div><\/div><\/div><\/div><\/div><\/div><\/div><\/div><\/div><\/div><\/div><\/div><\/div><\/div><\/div><\/div><\/div><\/div><\/div><\/div>\t\t\t\t\t\t\t\t<\/div>\n\t\t\t\t<\/div>\n\t\t\t\t<\/div>\n\t\t\t\t\t<\/div>\n\t\t\t\t<\/div>\n\t\t<div class=\"elementor-element elementor-element-2b86ea0e e-grid e-con-boxed e-con e-parent\" data-id=\"2b86ea0e\" data-element_type=\"container\" data-e-type=\"container\">\n\t\t\t\t\t<div class=\"e-con-inner\">\n\t\t\t\t<div class=\"elementor-element elementor-element-155f1b54 elementor-widget elementor-widget-heading\" data-id=\"155f1b54\" data-element_type=\"widget\" data-e-type=\"widget\" data-widget_type=\"heading.default\">\n\t\t\t\t<div class=\"elementor-widget-container\">\n\t\t\t\t\t<h2 class=\"elementor-heading-title elementor-size-default\">Unsere Veranstaltungen<\/h2>\t\t\t\t<\/div>\n\t\t\t\t<\/div>\n\t\t\t\t<div class=\"elementor-element elementor-element-6f8c1a94 elementor-grid-3 elementor-grid-tablet-2 elementor-grid-mobile-1 elementor-widget elementor-widget-portfolio\" data-id=\"6f8c1a94\" data-element_type=\"widget\" data-e-type=\"widget\" data-settings=\"{&quot;item_ratio&quot;:{&quot;unit&quot;:&quot;px&quot;,&quot;size&quot;:&quot;1&quot;,&quot;sizes&quot;:[]},&quot;row_gap&quot;:{&quot;unit&quot;:&quot;px&quot;,&quot;size&quot;:&quot;10&quot;,&quot;sizes&quot;:[]},&quot;columns&quot;:&quot;3&quot;,&quot;columns_tablet&quot;:&quot;2&quot;,&quot;columns_mobile&quot;:&quot;1&quot;,&quot;item_gap&quot;:{&quot;unit&quot;:&quot;px&quot;,&quot;size&quot;:&quot;&quot;,&quot;sizes&quot;:[]}}\" data-widget_type=\"portfolio.default\">\n\t\t\t\t<div class=\"elementor-widget-container\">\n\t\t\t\t\t\t\t<div class=\"elementor-portfolio elementor-grid elementor-posts-container\" role=\"list\">\n\t\t\t\t<article class=\"elementor-portfolio-item elementor-post elementor-filter-15 elementor-filter-13 post-2848 page type-page status-publish has-post-thumbnail hentry category-fuer-mitarbeitende category-veranstaltungen\" role=\"listitem\">\n\t\t\t<a class=\"elementor-post__thumbnail__link\" href=\"https:\/\/pace.berlin\/events\/veranstaltungen\/media-techcon\/\">\n\t\t\t\t<div class=\"elementor-portfolio-item__img elementor-post__thumbnail\">\n\t\t\t<img loading=\"lazy\" decoding=\"async\" width=\"1920\" height=\"1280\" src=\"https:\/\/pace.berlin\/app\/uploads\/2025\/08\/AS-MTC-24_by_www.introduce.berlin__E0A7842-1920x1280.jpg\" class=\"attachment-fullhd size-fullhd wp-image-2869\" alt=\"PACE events Drei Personen unterhalten sich an einem Stand auf einer Technologiekonferenz mit Brosch\u00fcren, Markenh\u00fcten und einem gro\u00dfen Bildschirm mit der Aufschrift &quot;Unsere Mission: Wir helfen Unternehmen.&quot; Eine Person steht hinter dem Stand und l\u00e4chelt zwei Teilnehmerinnen an.\" srcset=\"https:\/\/pace.berlin\/app\/uploads\/2025\/08\/AS-MTC-24_by_www.introduce.berlin__E0A7842-1920x1280.jpg 1920w, https:\/\/pace.berlin\/app\/uploads\/2025\/08\/AS-MTC-24_by_www.introduce.berlin__E0A7842-300x200.jpg 300w, https:\/\/pace.berlin\/app\/uploads\/2025\/08\/AS-MTC-24_by_www.introduce.berlin__E0A7842-1024x682.jpg 1024w, https:\/\/pace.berlin\/app\/uploads\/2025\/08\/AS-MTC-24_by_www.introduce.berlin__E0A7842-768x512.jpg 768w, https:\/\/pace.berlin\/app\/uploads\/2025\/08\/AS-MTC-24_by_www.introduce.berlin__E0A7842-1536x1024.jpg 1536w, https:\/\/pace.berlin\/app\/uploads\/2025\/08\/AS-MTC-24_by_www.introduce.berlin__E0A7842.jpg 2000w\" sizes=\"auto, (max-width: 1920px) 100vw, 1920px\" \/>\t\t<\/div>\n\t\t\t\t<div class=\"elementor-portfolio-item__overlay\">\n\t\t\t\t<h3 class=\"elementor-portfolio-item__title\">\n\t\tMEDIA &amp; TECHCON\t\t<\/h3>\n\t\t\t\t<\/div>\n\t\t\t\t<\/a>\n\t\t<\/article>\n\t\t\t\t<article class=\"elementor-portfolio-item elementor-post elementor-filter-22 elementor-filter-13 post-2830 page type-page status-publish has-post-thumbnail hentry category-konferenz category-veranstaltungen\" role=\"listitem\">\n\t\t\t<a class=\"elementor-post__thumbnail__link\" href=\"https:\/\/pace.berlin\/events\/veranstaltungen\/weltwirtschaftsgipfel\/\">\n\t\t\t\t<div class=\"elementor-portfolio-item__img elementor-post__thumbnail\">\n\t\t\t<img loading=\"lazy\" decoding=\"async\" width=\"1920\" height=\"1280\" src=\"https:\/\/pace.berlin\/app\/uploads\/2025\/08\/weltwirtschaftsgipfel05-1920x1280.jpg\" class=\"attachment-fullhd size-fullhd wp-image-2834\" alt=\"PACE events Ein gro\u00dfer Konferenzraum mit vielen Menschen in Anz\u00fcgen, die um einen runden Tisch sitzen und auf eine B\u00fchne blicken, auf der Redner vor einem gro\u00dfen Bildschirm mit der Aufschrift &quot;WELT Wirtschaftsgipfel&quot; pr\u00e4sentieren.\" srcset=\"https:\/\/pace.berlin\/app\/uploads\/2025\/08\/weltwirtschaftsgipfel05-1920x1280.jpg 1920w, https:\/\/pace.berlin\/app\/uploads\/2025\/08\/weltwirtschaftsgipfel05-300x200.jpg 300w, https:\/\/pace.berlin\/app\/uploads\/2025\/08\/weltwirtschaftsgipfel05-1024x683.jpg 1024w, https:\/\/pace.berlin\/app\/uploads\/2025\/08\/weltwirtschaftsgipfel05-768x512.jpg 768w, https:\/\/pace.berlin\/app\/uploads\/2025\/08\/weltwirtschaftsgipfel05-1536x1024.jpg 1536w, https:\/\/pace.berlin\/app\/uploads\/2025\/08\/weltwirtschaftsgipfel05.jpg 1980w\" sizes=\"auto, (max-width: 1920px) 100vw, 1920px\" \/>\t\t<\/div>\n\t\t\t\t<div class=\"elementor-portfolio-item__overlay\">\n\t\t\t\t<h3 class=\"elementor-portfolio-item__title\">\n\t\tWELT-Wirtschaftsgipfel\t\t<\/h3>\n\t\t\t\t<\/div>\n\t\t\t\t<\/a>\n\t\t<\/article>\n\t\t\t\t<article class=\"elementor-portfolio-item elementor-post elementor-filter-22 elementor-filter-13 post-2804 page type-page status-publish has-post-thumbnail hentry category-konferenz category-veranstaltungen\" role=\"listitem\">\n\t\t\t<a class=\"elementor-post__thumbnail__link\" href=\"https:\/\/pace.berlin\/events\/veranstaltungen\/startup-teens\/\">\n\t\t\t\t<div class=\"elementor-portfolio-item__img elementor-post__thumbnail\">\n\t\t\t<img loading=\"lazy\" decoding=\"async\" width=\"1919\" height=\"1280\" src=\"https:\/\/pace.berlin\/app\/uploads\/2025\/08\/startup-teens01.jpg\" class=\"attachment-fullhd size-fullhd wp-image-2821\" alt=\"PACE events Eine Person h\u00e4lt eine Troph\u00e4e mit der Aufschrift STARTUP TEENS. Auf dem Sockel steht STARTUP TEENS FINALE 2024 1. Platz Bildung. Die Buchstaben der Troph\u00e4e sind schwarz und blau, und die Person hat lackierte N\u00e4gel und ein Tattoo am Handgelenk.\" srcset=\"https:\/\/pace.berlin\/app\/uploads\/2025\/08\/startup-teens01.jpg 1920w, https:\/\/pace.berlin\/app\/uploads\/2025\/08\/startup-teens01-300x200.jpg 300w, https:\/\/pace.berlin\/app\/uploads\/2025\/08\/startup-teens01-1024x683.jpg 1024w, https:\/\/pace.berlin\/app\/uploads\/2025\/08\/startup-teens01-768x512.jpg 768w, https:\/\/pace.berlin\/app\/uploads\/2025\/08\/startup-teens01-1536x1025.jpg 1536w\" sizes=\"auto, (max-width: 1919px) 100vw, 1919px\" \/>\t\t<\/div>\n\t\t\t\t<div class=\"elementor-portfolio-item__overlay\">\n\t\t\t\t<h3 class=\"elementor-portfolio-item__title\">\n\t\tSTARTUP TEENS\t\t<\/h3>\n\t\t\t\t<\/div>\n\t\t\t\t<\/a>\n\t\t<\/article>\n\t\t\t\t<\/div>\n\t\t\t\t\t\t<\/div>\n\t\t\t\t<\/div>\n\t\t\t\t\t<\/div>\n\t\t\t\t<\/div>\n\t\t\t\t<\/div>\n\t\t","protected":false},"excerpt":{"rendered":"<p>Das Bewusstsein f\u00fcr Umweltschutz und Nachhaltigkeit ist gestiegen \u2013 und die M\u00f6glichkeiten, Events klimaschonend(er) zu gestalten, sind vielf\u00e4ltiger geworden.<\/p>\n","protected":false},"author":2,"featured_media":1989,"parent":519,"menu_order":0,"comment_status":"closed","ping_status":"closed","template":"","meta":{"footnotes":""},"categories":[],"class_list":["post-1939","page","type-page","status-publish","has-post-thumbnail","hentry"],"yoast_head":"<!-- This site is optimized with the Yoast SEO plugin v27.4 - https:\/\/yoast.com\/product\/yoast-seo-wordpress\/ -->\n<title>Nachhaltigkeit - events by Pace<\/title>\n<meta name=\"robots\" content=\"index, follow, max-snippet:-1, max-image-preview:large, max-video-preview:-1\" \/>\n<link rel=\"canonical\" href=\"https:\/\/pace.berlin\/events\/ueber-uns\/nachhaltigkeit\/\" \/>\n<meta property=\"og:locale\" content=\"de_DE\" \/>\n<meta property=\"og:type\" content=\"article\" \/>\n<meta property=\"og:title\" content=\"Nachhaltigkeit - events by Pace\" \/>\n<meta property=\"og:description\" content=\"Das Bewusstsein f\u00fcr Umweltschutz und Nachhaltigkeit ist gestiegen \u2013 und die M\u00f6glichkeiten, Events klimaschonend(er) zu gestalten, sind vielf\u00e4ltiger geworden.\" \/>\n<meta property=\"og:url\" content=\"https:\/\/pace.berlin\/events\/ueber-uns\/nachhaltigkeit\/\" \/>\n<meta property=\"og:site_name\" content=\"events by Pace\" \/>\n<meta property=\"article:modified_time\" content=\"2025-07-10T08:09:23+00:00\" \/>\n<meta property=\"og:image\" content=\"https:\/\/staging.pace.berlin\/app\/uploads\/2025\/06\/istock-sustainability-green-eye.jpg\" \/>\n\t<meta property=\"og:image:width\" content=\"1200\" \/>\n\t<meta property=\"og:image:height\" content=\"825\" \/>\n\t<meta property=\"og:image:type\" content=\"image\/jpeg\" \/>\n<meta name=\"twitter:card\" content=\"summary_large_image\" \/>\n<meta name=\"twitter:label1\" content=\"Gesch\u00e4tzte Lesezeit\" \/>\n\t<meta name=\"twitter:data1\" content=\"2\u00a0Minuten\" \/>\n<script type=\"application\/ld+json\" class=\"yoast-schema-graph\">{\"@context\":\"https:\\\/\\\/schema.org\",\"@graph\":[{\"@type\":\"WebPage\",\"@id\":\"https:\\\/\\\/pace.berlin\\\/events\\\/ueber-uns\\\/nachhaltigkeit\\\/\",\"url\":\"https:\\\/\\\/pace.berlin\\\/events\\\/ueber-uns\\\/nachhaltigkeit\\\/\",\"name\":\"Nachhaltigkeit - events by Pace\",\"isPartOf\":{\"@id\":\"https:\\\/\\\/pace.berlin\\\/events\\\/#website\"},\"primaryImageOfPage\":{\"@id\":\"https:\\\/\\\/pace.berlin\\\/events\\\/ueber-uns\\\/nachhaltigkeit\\\/#primaryimage\"},\"image\":{\"@id\":\"https:\\\/\\\/pace.berlin\\\/events\\\/ueber-uns\\\/nachhaltigkeit\\\/#primaryimage\"},\"thumbnailUrl\":\"https:\\\/\\\/pace.berlin\\\/app\\\/uploads\\\/2025\\\/06\\\/istock-sustainability-green-eye.jpg\",\"datePublished\":\"2025-06-23T11:10:48+00:00\",\"dateModified\":\"2025-07-10T08:09:23+00:00\",\"breadcrumb\":{\"@id\":\"https:\\\/\\\/pace.berlin\\\/events\\\/ueber-uns\\\/nachhaltigkeit\\\/#breadcrumb\"},\"inLanguage\":\"de\",\"potentialAction\":[{\"@type\":\"ReadAction\",\"target\":[\"https:\\\/\\\/pace.berlin\\\/events\\\/ueber-uns\\\/nachhaltigkeit\\\/\"]}]},{\"@type\":\"ImageObject\",\"inLanguage\":\"de\",\"@id\":\"https:\\\/\\\/pace.berlin\\\/events\\\/ueber-uns\\\/nachhaltigkeit\\\/#primaryimage\",\"url\":\"https:\\\/\\\/pace.berlin\\\/app\\\/uploads\\\/2025\\\/06\\\/istock-sustainability-green-eye.jpg\",\"contentUrl\":\"https:\\\/\\\/pace.berlin\\\/app\\\/uploads\\\/2025\\\/06\\\/istock-sustainability-green-eye.jpg\",\"width\":1200,\"height\":825,\"caption\":\"PACE events Illustration eines gro\u00dfen Auges mit einem Blatt in der Pupille, umgeben von umweltfreundlichen Symbolen wie Windturbinen, Sonnenkollektoren, Graphen, Recycling und digitalen Ger\u00e4ten auf gr\u00fcnem Hintergrund, die f\u00fcr Nachhaltigkeit und Technologie stehen.\"},{\"@type\":\"BreadcrumbList\",\"@id\":\"https:\\\/\\\/pace.berlin\\\/events\\\/ueber-uns\\\/nachhaltigkeit\\\/#breadcrumb\",\"itemListElement\":[{\"@type\":\"ListItem\",\"position\":1,\"name\":\"\u00dcber uns\",\"item\":\"https:\\\/\\\/pace.berlin\\\/events\\\/ueber-uns\\\/\"},{\"@type\":\"ListItem\",\"position\":2,\"name\":\"Nachhaltigkeit\"}]},{\"@type\":\"WebSite\",\"@id\":\"https:\\\/\\\/pace.berlin\\\/events\\\/#website\",\"url\":\"https:\\\/\\\/pace.berlin\\\/events\\\/\",\"name\":\"events by Pace\",\"description\":\"Wenn Events, dann mit uns\",\"potentialAction\":[{\"@type\":\"SearchAction\",\"target\":{\"@type\":\"EntryPoint\",\"urlTemplate\":\"https:\\\/\\\/pace.berlin\\\/events\\\/?s={search_term_string}\"},\"query-input\":{\"@type\":\"PropertyValueSpecification\",\"valueRequired\":true,\"valueName\":\"search_term_string\"}}],\"inLanguage\":\"de\"}]}<\/script>\n<!-- \/ Yoast SEO plugin. -->","yoast_head_json":{"title":"Nachhaltigkeit - events by Pace","robots":{"index":"index","follow":"follow","max-snippet":"max-snippet:-1","max-image-preview":"max-image-preview:large","max-video-preview":"max-video-preview:-1"},"canonical":"https:\/\/pace.berlin\/events\/ueber-uns\/nachhaltigkeit\/","og_locale":"de_DE","og_type":"article","og_title":"Nachhaltigkeit - events by Pace","og_description":"Das Bewusstsein f\u00fcr Umweltschutz und Nachhaltigkeit ist gestiegen \u2013 und die M\u00f6glichkeiten, Events klimaschonend(er) zu gestalten, sind vielf\u00e4ltiger geworden.","og_url":"https:\/\/pace.berlin\/events\/ueber-uns\/nachhaltigkeit\/","og_site_name":"events by Pace","article_modified_time":"2025-07-10T08:09:23+00:00","og_image":[{"width":1200,"height":825,"url":"https:\/\/staging.pace.berlin\/app\/uploads\/2025\/06\/istock-sustainability-green-eye.jpg","type":"image\/jpeg"}],"twitter_card":"summary_large_image","twitter_misc":{"Gesch\u00e4tzte Lesezeit":"2\u00a0Minuten"},"schema":{"@context":"https:\/\/schema.org","@graph":[{"@type":"WebPage","@id":"https:\/\/pace.berlin\/events\/ueber-uns\/nachhaltigkeit\/","url":"https:\/\/pace.berlin\/events\/ueber-uns\/nachhaltigkeit\/","name":"Nachhaltigkeit - events by Pace","isPartOf":{"@id":"https:\/\/pace.berlin\/events\/#website"},"primaryImageOfPage":{"@id":"https:\/\/pace.berlin\/events\/ueber-uns\/nachhaltigkeit\/#primaryimage"},"image":{"@id":"https:\/\/pace.berlin\/events\/ueber-uns\/nachhaltigkeit\/#primaryimage"},"thumbnailUrl":"https:\/\/pace.berlin\/app\/uploads\/2025\/06\/istock-sustainability-green-eye.jpg","datePublished":"2025-06-23T11:10:48+00:00","dateModified":"2025-07-10T08:09:23+00:00","breadcrumb":{"@id":"https:\/\/pace.berlin\/events\/ueber-uns\/nachhaltigkeit\/#breadcrumb"},"inLanguage":"de","potentialAction":[{"@type":"ReadAction","target":["https:\/\/pace.berlin\/events\/ueber-uns\/nachhaltigkeit\/"]}]},{"@type":"ImageObject","inLanguage":"de","@id":"https:\/\/pace.berlin\/events\/ueber-uns\/nachhaltigkeit\/#primaryimage","url":"https:\/\/pace.berlin\/app\/uploads\/2025\/06\/istock-sustainability-green-eye.jpg","contentUrl":"https:\/\/pace.berlin\/app\/uploads\/2025\/06\/istock-sustainability-green-eye.jpg","width":1200,"height":825,"caption":"PACE events Illustration eines gro\u00dfen Auges mit einem Blatt in der Pupille, umgeben von umweltfreundlichen Symbolen wie Windturbinen, Sonnenkollektoren, Graphen, Recycling und digitalen Ger\u00e4ten auf gr\u00fcnem Hintergrund, die f\u00fcr Nachhaltigkeit und Technologie stehen."},{"@type":"BreadcrumbList","@id":"https:\/\/pace.berlin\/events\/ueber-uns\/nachhaltigkeit\/#breadcrumb","itemListElement":[{"@type":"ListItem","position":1,"name":"\u00dcber uns","item":"https:\/\/pace.berlin\/events\/ueber-uns\/"},{"@type":"ListItem","position":2,"name":"Nachhaltigkeit"}]},{"@type":"WebSite","@id":"https:\/\/pace.berlin\/events\/#website","url":"https:\/\/pace.berlin\/events\/","name":"events by Pace","description":"Wenn Events, dann mit uns","potentialAction":[{"@type":"SearchAction","target":{"@type":"EntryPoint","urlTemplate":"https:\/\/pace.berlin\/events\/?s={search_term_string}"},"query-input":{"@type":"PropertyValueSpecification","valueRequired":true,"valueName":"search_term_string"}}],"inLanguage":"de"}]}},"_links":{"self":[{"href":"https:\/\/pace.berlin\/events\/wp-json\/wp\/v2\/pages\/1939","targetHints":{"allow":["GET"]}}],"collection":[{"href":"https:\/\/pace.berlin\/events\/wp-json\/wp\/v2\/pages"}],"about":[{"href":"https:\/\/pace.berlin\/events\/wp-json\/wp\/v2\/types\/page"}],"author":[{"embeddable":true,"href":"https:\/\/pace.berlin\/events\/wp-json\/wp\/v2\/users\/2"}],"replies":[{"embeddable":true,"href":"https:\/\/pace.berlin\/events\/wp-json\/wp\/v2\/comments?post=1939"}],"version-history":[{"count":10,"href":"https:\/\/pace.berlin\/events\/wp-json\/wp\/v2\/pages\/1939\/revisions"}],"predecessor-version":[{"id":2503,"href":"https:\/\/pace.berlin\/events\/wp-json\/wp\/v2\/pages\/1939\/revisions\/2503"}],"up":[{"embeddable":true,"href":"https:\/\/pace.berlin\/events\/wp-json\/wp\/v2\/pages\/519"}],"wp:featuredmedia":[{"embeddable":true,"href":"https:\/\/pace.berlin\/events\/wp-json\/wp\/v2\/media\/1989"}],"wp:attachment":[{"href":"https:\/\/pace.berlin\/events\/wp-json\/wp\/v2\/media?parent=1939"}],"wp:term":[{"taxonomy":"category","embeddable":true,"href":"https:\/\/pace.berlin\/events\/wp-json\/wp\/v2\/categories?post=1939"}],"curies":[{"name":"wp","href":"https:\/\/api.w.org\/{rel}","templated":true}]}}