{"id":1567,"date":"2025-08-21T23:17:05","date_gmt":"2025-08-21T21:17:05","guid":{"rendered":"https:\/\/staging.pace.berlin\/about-us\/responsibility\/environment\/"},"modified":"2025-09-16T12:14:44","modified_gmt":"2025-09-16T10:14:44","slug":"environment","status":"publish","type":"page","link":"https:\/\/pace.berlin\/en\/catering\/about-us\/responsibility\/environment\/","title":{"rendered":"Environment"},"content":{"rendered":"\t\t<div data-elementor-type=\"wp-page\" data-elementor-id=\"1567\" class=\"elementor elementor-1567 elementor-996\" data-elementor-post-type=\"page\">\n\t\t\t\t<div class=\"elementor-element elementor-element-62e813e3 e-grid e-con-full e-con e-parent\" data-id=\"62e813e3\" data-element_type=\"container\" data-e-type=\"container\" data-settings=\"{&quot;background_background&quot;:&quot;classic&quot;}\">\n\t\t<div class=\"elementor-element elementor-element-29aa3250 e-grid e-con-boxed e-con e-child\" data-id=\"29aa3250\" data-element_type=\"container\" data-e-type=\"container\" data-settings=\"{&quot;background_background&quot;:&quot;classic&quot;}\">\n\t\t\t\t\t<div class=\"e-con-inner\">\n\t\t<div class=\"elementor-element elementor-element-6452ac8f e-grid e-con-full e-con e-child\" data-id=\"6452ac8f\" data-element_type=\"container\" data-e-type=\"container\">\n\t\t\t\t<div class=\"elementor-element elementor-element-a80b1ea elementor-align-left catering-breadcrumbs elementor-widget elementor-widget-global elementor-global-451 elementor-widget-breadcrumbs\" data-id=\"a80b1ea\" data-element_type=\"widget\" data-e-type=\"widget\" data-widget_type=\"breadcrumbs.default\">\n\t\t\t\t\t\t\t<nav id=\"breadcrumbs\"><\/nav>\t\t\t\t<\/div>\n\t\t\t\t<\/div>\n\t\t\t\t<div class=\"elementor-element elementor-element-7b1928e6 elementor-widget elementor-widget-heading\" data-id=\"7b1928e6\" data-element_type=\"widget\" data-e-type=\"widget\" data-widget_type=\"heading.default\">\n\t\t\t\t\t\t\t<h1 class=\"elementor-heading-title elementor-size-default\">For our environment: climate protection with the goal of net zero.<\/h1>\t\t\t\t<\/div>\n\t\t\t\t<div class=\"elementor-element elementor-element-488d811b elementor-widget elementor-widget-text-editor\" data-id=\"488d811b\" data-element_type=\"widget\" data-e-type=\"widget\" data-widget_type=\"text-editor.default\">\n\t\t\t\t\t\t\t\t\t\t\t<p>Every day, we are motivated by the desire to provide our guests and customers with a special experience in terms of taste, social interaction and event enjoyment. In doing so, we are always mindful of the efficient and environmentally friendly use of resources in order to minimize waste and thus act as environmentally friendly as possible. <\/p><p> <\/p>\t\t\t\t\t\t\t\t<\/div>\n\t\t\t\t\t<\/div>\n\t\t\t\t<\/div>\n\t\t\t\t<\/div>\n\t\t<div class=\"elementor-element elementor-element-1438b204 e-flex e-con-boxed e-con e-parent\" data-id=\"1438b204\" data-element_type=\"container\" data-e-type=\"container\">\n\t\t\t\t\t<div class=\"e-con-inner\">\n\t\t\t\t<div class=\"elementor-element elementor-element-e07c2b7 elementor-widget elementor-widget-heading\" data-id=\"e07c2b7\" data-element_type=\"widget\" data-e-type=\"widget\" data-widget_type=\"heading.default\">\n\t\t\t\t\t\t\t<h2 class=\"elementor-heading-title elementor-size-default\">Award for sustainability<\/h2>\t\t\t\t<\/div>\n\t\t\t\t<div class=\"elementor-element elementor-element-387a944 elementor-widget elementor-widget-heading\" data-id=\"387a944\" data-element_type=\"widget\" data-e-type=\"widget\" data-widget_type=\"heading.default\">\n\t\t\t\t\t\t\t<h3 class=\"elementor-heading-title elementor-size-default\">We are Green Canteen\n<\/h3>\t\t\t\t<\/div>\n\t\t<div class=\"elementor-element elementor-element-10ff446c e-con-full e-grid e-con e-child\" data-id=\"10ff446c\" data-element_type=\"container\" data-e-type=\"container\">\n\t\t<div class=\"elementor-element elementor-element-37a1067 e-grid e-con-full e-con e-child\" data-id=\"37a1067\" data-element_type=\"container\" data-e-type=\"container\">\n\t\t\t\t<div class=\"elementor-element elementor-element-644f2fa elementor-widget elementor-widget-text-editor\" data-id=\"644f2fa\" data-element_type=\"widget\" data-e-type=\"widget\" data-widget_type=\"text-editor.default\">\n\t\t\t\t\t\t\t\t\t\t\t<p>The award recognizes our efforts to design our food and operations in an environmentally friendly way. Thanks to a well thought-out concept and dedicated implementation, we offer &nbsp;<a href=\"https:\/\/pace.berlin\/en\/catering\/restaurants\/canteen\/\" target=\"_blank\">CANTEEN<\/a>&nbsp;and <a href=\"https:\/\/pace.berlin\/en\/catering\/restaurants\/papa\/\">PAPA <\/a>not only delicious food, but also a lasting dining experience for our guests.<\/p>\n<p>From the sourcing of our ingredients to the disposal of waste &#8211; every step is carefully planned to minimize our environmental impact.<br>With the &#8220;Green Canteen&#8221; sustainability award, we have received well-deserved recognition for our commitment and innovative solutions. We show that sustainability and enjoyment can go hand in hand. <\/p>\t\t\t\t\t\t\t\t<\/div>\n\t\t\t\t<\/div>\n\t\t<div class=\"elementor-element elementor-element-00641fd e-grid e-con-full e-con e-child\" data-id=\"00641fd\" data-element_type=\"container\" data-e-type=\"container\">\n\t\t\t\t<div class=\"elementor-element elementor-element-50d83d1 elementor-widget elementor-widget-image\" data-id=\"50d83d1\" data-element_type=\"widget\" data-e-type=\"widget\" data-widget_type=\"image.default\">\n\t\t\t\t\t\t\t\t\t\t\t\t\t\t\t\t\t<img fetchpriority=\"high\" decoding=\"async\" width=\"374\" height=\"374\" src=\"https:\/\/pace.berlin\/app\/uploads\/sites\/2\/2025\/08\/TEASER_BLOG_GREEN_CANTEEN.png\" class=\"attachment-large size-large wp-image-999\" alt=\"Ein gr\u00fcnes, kreisf\u00f6rmiges Logo mit der Aufschrift Green Canteen. Im Inneren des Kreises befinden sich eine wei\u00dfe Gabel und ein wei\u00dfes Messer, die durch eine Linie getrennt sind, mit zwei kleinen blattartigen Zweigen auf beiden Seiten.\" srcset=\"https:\/\/pace.berlin\/app\/uploads\/sites\/2\/2025\/08\/TEASER_BLOG_GREEN_CANTEEN.png 374w, https:\/\/pace.berlin\/app\/uploads\/sites\/2\/2025\/08\/TEASER_BLOG_GREEN_CANTEEN-300x300.png 300w, https:\/\/pace.berlin\/app\/uploads\/sites\/2\/2025\/08\/TEASER_BLOG_GREEN_CANTEEN-150x150.png 150w\" sizes=\"(max-width: 374px) 100vw, 374px\" \/>\t\t\t\t\t\t\t\t\t\t\t\t\t\t\t<\/div>\n\t\t\t\t<\/div>\n\t\t\t\t<\/div>\n\t\t\t\t\t<\/div>\n\t\t\t\t<\/div>\n\t\t<div class=\"elementor-element elementor-element-1ebb3dcb e-grid e-con-boxed e-con e-parent\" data-id=\"1ebb3dcb\" data-element_type=\"container\" data-e-type=\"container\" data-settings=\"{&quot;background_background&quot;:&quot;classic&quot;}\">\n\t\t\t\t\t<div class=\"e-con-inner\">\n\t\t<div class=\"elementor-element elementor-element-344e7a2 e-grid e-con-full e-con e-child\" data-id=\"344e7a2\" data-element_type=\"container\" data-e-type=\"container\">\n\t\t<div class=\"elementor-element elementor-element-d6097d3 e-grid e-con-full e-con e-child\" data-id=\"d6097d3\" data-element_type=\"container\" data-e-type=\"container\">\n\t\t\t\t<div class=\"elementor-element elementor-element-6f3c0495 elementor-widget elementor-widget-heading\" data-id=\"6f3c0495\" data-element_type=\"widget\" data-e-type=\"widget\" data-widget_type=\"heading.default\">\n\t\t\t\t\t\t\t<h2 class=\"elementor-heading-title elementor-size-default\">Focus on CO2 reduction\n<\/h2>\t\t\t\t<\/div>\n\t\t\t\t<div class=\"elementor-element elementor-element-8697121 elementor-widget elementor-widget-heading\" data-id=\"8697121\" data-element_type=\"widget\" data-e-type=\"widget\" data-widget_type=\"heading.default\">\n\t\t\t\t\t\t\t<h3 class=\"elementor-heading-title elementor-size-default\">A noticeable reduction in our CO2 footprint is our biggest goal.\n<\/h3>\t\t\t\t<\/div>\n\t\t\t\t<\/div>\n\t\t\t\t<div class=\"elementor-element elementor-element-5e89fc0 elementor-widget elementor-widget-image\" data-id=\"5e89fc0\" data-element_type=\"widget\" data-e-type=\"widget\" data-widget_type=\"image.default\">\n\t\t\t\t\t\t\t\t\t\t\t\t\t\t\t\t\t<img decoding=\"async\" width=\"473\" height=\"473\" src=\"https:\/\/pace.berlin\/app\/uploads\/sites\/2\/2025\/08\/piechart_PFLANZLICHER-HAUPTGAeNGE-de.png\" class=\"attachment-full size-full wp-image-1002\" alt=\"Ein Tortendiagramm mit vier beschrifteten Abschnitten: Veggie, Vegan (gr\u00f6\u00dfte, blau); Fleisch (rot); Fisch (gr\u00fcn); Suppe &amp; Anderes (kleinste, gelb).\" srcset=\"https:\/\/pace.berlin\/app\/uploads\/sites\/2\/2025\/08\/piechart_PFLANZLICHER-HAUPTGAeNGE-de.png 473w, https:\/\/pace.berlin\/app\/uploads\/sites\/2\/2025\/08\/piechart_PFLANZLICHER-HAUPTGAeNGE-de-300x300.png 300w, https:\/\/pace.berlin\/app\/uploads\/sites\/2\/2025\/08\/piechart_PFLANZLICHER-HAUPTGAeNGE-de-150x150.png 150w\" sizes=\"(max-width: 473px) 100vw, 473px\" \/>\t\t\t\t\t\t\t\t\t\t\t\t\t\t\t<\/div>\n\t\t\t\t<\/div>\n\t\t<div class=\"elementor-element elementor-element-5ab1cf7a e-grid e-con-full e-con e-child\" data-id=\"5ab1cf7a\" data-element_type=\"container\" data-e-type=\"container\">\n\t\t<div class=\"elementor-element elementor-element-b357e82 e-grid e-con-full e-con e-child\" data-id=\"b357e82\" data-element_type=\"container\" data-e-type=\"container\">\n\t\t\t\t<div class=\"elementor-element elementor-element-96cc6d1 elementor-view-default elementor-position-block-start elementor-mobile-position-block-start elementor-widget elementor-widget-icon-box\" data-id=\"96cc6d1\" data-element_type=\"widget\" data-e-type=\"widget\" data-widget_type=\"icon-box.default\">\n\t\t\t\t\t\t\t\t\t<div class=\"elementor-icon-box-wrapper\">\n\n\t\t\t\t\t\t<div class=\"elementor-icon-box-icon\">\n\t\t\t\t<span  class=\"elementor-icon\">\n\t\t\t\t<svg aria-hidden=\"true\" class=\"e-font-icon-svg e-fas-leaf\" viewBox=\"0 0 576 512\" xmlns=\"http:\/\/www.w3.org\/2000\/svg\"><path d=\"M546.2 9.7c-5.6-12.5-21.6-13-28.3-1.2C486.9 62.4 431.4 96 368 96h-80C182 96 96 182 96 288c0 7 .8 13.7 1.5 20.5C161.3 262.8 253.4 224 384 224c8.8 0 16 7.2 16 16s-7.2 16-16 16C132.6 256 26 410.1 2.4 468c-6.6 16.3 1.2 34.9 17.5 41.6 16.4 6.8 35-1.1 41.8-17.3 1.5-3.6 20.9-47.9 71.9-90.6 32.4 43.9 94 85.8 174.9 77.2C465.5 467.5 576 326.7 576 154.3c0-50.2-10.8-102.2-29.8-144.6z\"><\/path><\/svg>\t\t\t\t<\/span>\n\t\t\t<\/div>\n\t\t\t\n\t\t\t\t\t\t<div class=\"elementor-icon-box-content\">\n\n\t\t\t\t\t\t\t\t\t<h4 class=\"elementor-icon-box-title\">\n\t\t\t\t\t\t<span  >\n\t\t\t\t\t\t\tLess meat, more veggies\t\t\t\t\t\t<\/span>\n\t\t\t\t\t<\/h4>\n\t\t\t\t\n\t\t\t\t\t\t\t\t\t<p class=\"elementor-icon-box-description\">\n\t\t\t\t\t\tFor example, we are increasing the number of vegan-vegetarian dishes while at the same time reducing the number of meat-based dishes (here in the CANTEEN). We also take part in Veganuary every January! \t\t\t\t\t<\/p>\n\t\t\t\t\n\t\t\t<\/div>\n\t\t\t\n\t\t<\/div>\n\t\t\t\t\t\t<\/div>\n\t\t\t\t<div class=\"elementor-element elementor-element-9dae998 elementor-view-default elementor-position-block-start elementor-mobile-position-block-start elementor-widget elementor-widget-icon-box\" data-id=\"9dae998\" data-element_type=\"widget\" data-e-type=\"widget\" data-widget_type=\"icon-box.default\">\n\t\t\t\t\t\t\t\t\t<div class=\"elementor-icon-box-wrapper\">\n\n\t\t\t\t\t\t<div class=\"elementor-icon-box-icon\">\n\t\t\t\t<span  class=\"elementor-icon\">\n\t\t\t\t<svg aria-hidden=\"true\" class=\"e-font-icon-svg e-fas-trash\" viewBox=\"0 0 448 512\" xmlns=\"http:\/\/www.w3.org\/2000\/svg\"><path d=\"M432 32H312l-9.4-18.7A24 24 0 0 0 281.1 0H166.8a23.72 23.72 0 0 0-21.4 13.3L136 32H16A16 16 0 0 0 0 48v32a16 16 0 0 0 16 16h416a16 16 0 0 0 16-16V48a16 16 0 0 0-16-16zM53.2 467a48 48 0 0 0 47.9 45h245.8a48 48 0 0 0 47.9-45L416 128H32z\"><\/path><\/svg>\t\t\t\t<\/span>\n\t\t\t<\/div>\n\t\t\t\n\t\t\t\t\t\t<div class=\"elementor-icon-box-content\">\n\n\t\t\t\t\t\t\t\t\t<h4 class=\"elementor-icon-box-title\">\n\t\t\t\t\t\t<span  >\n\t\t\t\t\t\t\tReduction of food waste\t\t\t\t\t\t<\/span>\n\t\t\t\t\t<\/h4>\n\t\t\t\t\n\t\t\t\t\t\t\t\t\t<p class=\"elementor-icon-box-description\">\n\t\t\t\t\t\tWe use an AI platform to optimize food consumption, reduce energy costs and, of course, avoid unnecessary food waste. For example, we were able to reduce food waste from overproduction at PAPA within a year. \n\n\t\t\t\t\t<\/p>\n\t\t\t\t\n\t\t\t<\/div>\n\t\t\t\n\t\t<\/div>\n\t\t\t\t\t\t<\/div>\n\t\t\t\t<div class=\"elementor-element elementor-element-19819cf elementor-view-default elementor-position-block-start elementor-mobile-position-block-start elementor-widget elementor-widget-icon-box\" data-id=\"19819cf\" data-element_type=\"widget\" data-e-type=\"widget\" data-widget_type=\"icon-box.default\">\n\t\t\t\t\t\t\t\t\t<div class=\"elementor-icon-box-wrapper\">\n\n\t\t\t\t\t\t<div class=\"elementor-icon-box-icon\">\n\t\t\t\t<span  class=\"elementor-icon\">\n\t\t\t\t<svg aria-hidden=\"true\" class=\"e-font-icon-svg e-fas-shopping-basket\" viewBox=\"0 0 576 512\" xmlns=\"http:\/\/www.w3.org\/2000\/svg\"><path d=\"M576 216v16c0 13.255-10.745 24-24 24h-8l-26.113 182.788C514.509 462.435 494.257 480 470.37 480H105.63c-23.887 0-44.139-17.565-47.518-41.212L32 256h-8c-13.255 0-24-10.745-24-24v-16c0-13.255 10.745-24 24-24h67.341l106.78-146.821c10.395-14.292 30.407-17.453 44.701-7.058 14.293 10.395 17.453 30.408 7.058 44.701L170.477 192h235.046L326.12 82.821c-10.395-14.292-7.234-34.306 7.059-44.701 14.291-10.395 34.306-7.235 44.701 7.058L484.659 192H552c13.255 0 24 10.745 24 24zM312 392V280c0-13.255-10.745-24-24-24s-24 10.745-24 24v112c0 13.255 10.745 24 24 24s24-10.745 24-24zm112 0V280c0-13.255-10.745-24-24-24s-24 10.745-24 24v112c0 13.255 10.745 24 24 24s24-10.745 24-24zm-224 0V280c0-13.255-10.745-24-24-24s-24 10.745-24 24v112c0 13.255 10.745 24 24 24s24-10.745 24-24z\"><\/path><\/svg>\t\t\t\t<\/span>\n\t\t\t<\/div>\n\t\t\t\n\t\t\t\t\t\t<div class=\"elementor-icon-box-content\">\n\n\t\t\t\t\t\t\t\t\t<h4 class=\"elementor-icon-box-title\">\n\t\t\t\t\t\t<span  >\n\t\t\t\t\t\t\tToo good to go\t\t\t\t\t\t<\/span>\n\t\t\t\t\t<\/h4>\n\t\t\t\t\n\t\t\t\t\t\t\t\t\t<p class=\"elementor-icon-box-description\">\n\t\t\t\t\t\tWe have been a partner of Too good to go since September 2022. At the end of the working day, we hand out baked goods and salads in Magic Bags to food rescuers for little money. \n\t\t\t\t\t<\/p>\n\t\t\t\t\n\t\t\t<\/div>\n\t\t\t\n\t\t<\/div>\n\t\t\t\t\t\t<\/div>\n\t\t\t\t<\/div>\n\t\t\t\t<\/div>\n\t\t\t\t\t<\/div>\n\t\t\t\t<\/div>\n\t\t<div class=\"elementor-element elementor-element-aa6bcf9 e-flex e-con-boxed e-con e-parent\" data-id=\"aa6bcf9\" data-element_type=\"container\" data-e-type=\"container\">\n\t\t\t\t\t<div class=\"e-con-inner\">\n\t\t<div class=\"elementor-element elementor-element-591a4f2 e-con-full e-grid e-con e-child\" data-id=\"591a4f2\" data-element_type=\"container\" data-e-type=\"container\">\n\t\t<div class=\"elementor-element elementor-element-65567cb e-grid e-con-full e-con e-child\" data-id=\"65567cb\" data-element_type=\"container\" data-e-type=\"container\">\n\t\t\t\t<div class=\"elementor-element elementor-element-29080a6 elementor-widget elementor-widget-heading\" data-id=\"29080a6\" data-element_type=\"widget\" data-e-type=\"widget\" data-widget_type=\"heading.default\">\n\t\t\t\t\t\t\t<h2 class=\"elementor-heading-title elementor-size-default\">Our promise\nFrom organic to regional<\/h2>\t\t\t\t<\/div>\n\t\t\t\t<div class=\"elementor-element elementor-element-f742739 elementor-widget elementor-widget-text-editor\" data-id=\"f742739\" data-element_type=\"widget\" data-e-type=\"widget\" data-widget_type=\"text-editor.default\">\n\t\t\t\t\t\t\t\t\t\t\t<p>In our daily procurement of food and products, we make every effort to source locally. Unfortunately, this is not always possible due to the required quantities and limited availability. \u2028We also adapt the selection of dishes and recipes to seasonal and regional fruit and vegetables as far as possible.  <\/p><p> <\/p>\t\t\t\t\t\t\t\t<\/div>\n\t\t\t\t<\/div>\n\t\t<div class=\"elementor-element elementor-element-735085c e-grid e-con-full e-con e-child\" data-id=\"735085c\" data-element_type=\"container\" data-e-type=\"container\">\n\t\t\t\t<div class=\"elementor-element elementor-element-2ae3e95 elementor-widget elementor-widget-image\" data-id=\"2ae3e95\" data-element_type=\"widget\" data-e-type=\"widget\" data-widget_type=\"image.default\">\n\t\t\t\t\t\t\t\t\t\t\t\t\t\t\t\t\t<img decoding=\"async\" width=\"431\" height=\"275\" src=\"https:\/\/pace.berlin\/app\/uploads\/sites\/2\/2025\/08\/logo-regional.png\" class=\"attachment-large size-large wp-image-1004\" alt=\"Eine Collage aus sieben verschiedenen Logos deutscher Lebensmittel- und Getr\u00e4nkemarken, jeweils mit unterschiedlichen Schriftstilen. Zu den Marken geh\u00f6ren Berliner Brandstifter, Gl\u00e4serne Molkerei, Berliner Berg Brauerei, Spreequell, Proviant, Querfeld und Florida Eis.\" srcset=\"https:\/\/pace.berlin\/app\/uploads\/sites\/2\/2025\/08\/logo-regional.png 431w, https:\/\/pace.berlin\/app\/uploads\/sites\/2\/2025\/08\/logo-regional-300x191.png 300w\" sizes=\"(max-width: 431px) 100vw, 431px\" \/>\t\t\t\t\t\t\t\t\t\t\t\t\t\t\t<\/div>\n\t\t\t\t<\/div>\n\t\t\t\t<\/div>\n\t\t\t\t\t<\/div>\n\t\t\t\t<\/div>\n\t\t<div class=\"elementor-element elementor-element-9079847 e-flex e-con-boxed e-con e-parent\" data-id=\"9079847\" data-element_type=\"container\" data-e-type=\"container\">\n\t\t\t\t\t<div class=\"e-con-inner\">\n\t\t\t\t<div class=\"elementor-element elementor-element-6239d07 elementor-widget elementor-widget-heading\" data-id=\"6239d07\" data-element_type=\"widget\" data-e-type=\"widget\" data-widget_type=\"heading.default\">\n\t\t\t\t\t\t\t<h2 class=\"elementor-heading-title elementor-size-default\">Enjoyment without any packaging waste<\/h2>\t\t\t\t<\/div>\n\t\t<div class=\"elementor-element elementor-element-edb8e26 e-con-full e-grid e-con e-child\" data-id=\"edb8e26\" data-element_type=\"container\" data-e-type=\"container\">\n\t\t\t\t<div class=\"elementor-element elementor-element-31735b4 elementor-position-top elementor-widget elementor-widget-image-box\" data-id=\"31735b4\" data-element_type=\"widget\" data-e-type=\"widget\" data-widget_type=\"image-box.default\">\n\t\t\t\t\t\t\t<div class=\"elementor-image-box-wrapper\"><figure class=\"elementor-image-box-img\"><img loading=\"lazy\" decoding=\"async\" width=\"500\" height=\"500\" src=\"https:\/\/pace.berlin\/app\/uploads\/sites\/2\/2025\/08\/RECUP.jpg\" class=\"attachment-full size-full wp-image-1006\" alt=\"Nahaufnahme von Kaffee, der in einen hellgr\u00fcnen wiederverwendbaren RECUP-Becher gebr\u00fcht wird, mit zwei weiteren wiederverwendbaren Bechern, einem gr\u00fcnen und einem beigen, im Hintergrund unter einer Espressomaschine.\" srcset=\"https:\/\/pace.berlin\/app\/uploads\/sites\/2\/2025\/08\/RECUP.jpg 500w, https:\/\/pace.berlin\/app\/uploads\/sites\/2\/2025\/08\/RECUP-300x300.jpg 300w, https:\/\/pace.berlin\/app\/uploads\/sites\/2\/2025\/08\/RECUP-150x150.jpg 150w\" sizes=\"(max-width: 500px) 100vw, 500px\" \/><\/figure><div class=\"elementor-image-box-content\"><h3 class=\"elementor-image-box-title\">Recup<\/h3><p class=\"elementor-image-box-description\">Recup has been our partner for hot beverages since 2016, which we offer as deposit cups at DELI, BILDBAR and CAFE.<\/p><\/div><\/div>\t\t\t\t<\/div>\n\t\t\t\t<div class=\"elementor-element elementor-element-fbcb05e elementor-position-top elementor-widget elementor-widget-image-box\" data-id=\"fbcb05e\" data-element_type=\"widget\" data-e-type=\"widget\" data-widget_type=\"image-box.default\">\n\t\t\t\t\t\t\t<div class=\"elementor-image-box-wrapper\"><figure class=\"elementor-image-box-img\"><img loading=\"lazy\" decoding=\"async\" width=\"500\" height=\"500\" src=\"https:\/\/pace.berlin\/app\/uploads\/sites\/2\/2025\/08\/porzellan.jpg\" class=\"attachment-full size-full wp-image-1008\" alt=\"Eine wei\u00dfe Tasse mit dem Wort &quot;awake&quot; in fetten schwarzen Buchstaben wird mit Kaffee aus einer Maschine gef\u00fcllt. Die Reflexion der Tasse ist auf der Metalloberfl\u00e4che daneben sichtbar.\" srcset=\"https:\/\/pace.berlin\/app\/uploads\/sites\/2\/2025\/08\/porzellan.jpg 500w, https:\/\/pace.berlin\/app\/uploads\/sites\/2\/2025\/08\/porzellan-300x300.jpg 300w, https:\/\/pace.berlin\/app\/uploads\/sites\/2\/2025\/08\/porzellan-150x150.jpg 150w\" sizes=\"(max-width: 500px) 100vw, 500px\" \/><\/figure><div class=\"elementor-image-box-content\"><h3 class=\"elementor-image-box-title\">Porcelain mug<\/h3><p class=\"elementor-image-box-description\">We also offer porcelain cups in the Axel Springer design as a further and really aesthetically pleasing reusable solution. It is also worth mentioning that they are produced in a climate-neutral way. \n\n<\/p><\/div><\/div>\t\t\t\t<\/div>\n\t\t\t\t<div class=\"elementor-element elementor-element-dd36f98 elementor-position-top elementor-widget elementor-widget-image-box\" data-id=\"dd36f98\" data-element_type=\"widget\" data-e-type=\"widget\" data-widget_type=\"image-box.default\">\n\t\t\t\t\t\t\t<div class=\"elementor-image-box-wrapper\"><figure class=\"elementor-image-box-img\"><img loading=\"lazy\" decoding=\"async\" width=\"500\" height=\"500\" src=\"https:\/\/pace.berlin\/app\/uploads\/sites\/2\/2025\/08\/tiffin.jpg\" class=\"attachment-full size-full wp-image-1010\" alt=\"Eine Person in Jeansjacke h\u00e4lt eine runde Lunchbox aus Edelstahl, die mit bunten Lebensmitteln gef\u00fcllt ist, neben einem anderen geschlossenen Beh\u00e4lter auf einer gl\u00e4nzenden Au\u00dfenfl\u00e4che.\" srcset=\"https:\/\/pace.berlin\/app\/uploads\/sites\/2\/2025\/08\/tiffin.jpg 500w, https:\/\/pace.berlin\/app\/uploads\/sites\/2\/2025\/08\/tiffin-300x300.jpg 300w, https:\/\/pace.berlin\/app\/uploads\/sites\/2\/2025\/08\/tiffin-150x150.jpg 150w\" sizes=\"(max-width: 500px) 100vw, 500px\" \/><\/figure><div class=\"elementor-image-box-content\"><h3 class=\"elementor-image-box-title\">Tiffin Loop<\/h3><p class=\"elementor-image-box-description\">Since September 4, 2023, we have been charging a fee for disposable bagasse packaging to encourage our guests to choose the tiffin as an environmentally conscious transport option for their to-go meal.<\/p><\/div><\/div>\t\t\t\t<\/div>\n\t\t\t\t<\/div>\n\t\t\t\t\t<\/div>\n\t\t\t\t<\/div>\n\t\t<div class=\"elementor-element elementor-element-b3d228f e-grid e-con-boxed e-con e-parent\" data-id=\"b3d228f\" data-element_type=\"container\" data-e-type=\"container\" data-settings=\"{&quot;background_background&quot;:&quot;classic&quot;}\">\n\t\t\t\t\t<div class=\"e-con-inner\">\n\t\t<div class=\"elementor-element elementor-element-0a275a7 e-grid e-con-full e-con e-child\" data-id=\"0a275a7\" data-element_type=\"container\" data-e-type=\"container\">\n\t\t\t\t<div class=\"elementor-element elementor-element-a65bc91 elementor-widget elementor-widget-image\" data-id=\"a65bc91\" data-element_type=\"widget\" data-e-type=\"widget\" data-settings=\"{&quot;motion_fx_motion_fx_scrolling&quot;:&quot;yes&quot;,&quot;motion_fx_rotateZ_effect&quot;:&quot;yes&quot;,&quot;motion_fx_rotateZ_speed&quot;:{&quot;unit&quot;:&quot;px&quot;,&quot;size&quot;:&quot;0.1&quot;,&quot;sizes&quot;:[]},&quot;motion_fx_rotateZ_affectedRange&quot;:{&quot;unit&quot;:&quot;%&quot;,&quot;size&quot;:&quot;&quot;,&quot;sizes&quot;:{&quot;start&quot;:&quot;50&quot;,&quot;end&quot;:&quot;60&quot;}},&quot;motion_fx_devices&quot;:[&quot;desktop&quot;,&quot;tablet&quot;,&quot;mobile&quot;]}\" data-widget_type=\"image.default\">\n\t\t\t\t\t\t\t\t\t\t\t\t\t\t\t\t\t<img loading=\"lazy\" decoding=\"async\" width=\"768\" height=\"762\" src=\"https:\/\/pace.berlin\/app\/uploads\/sites\/2\/2025\/08\/portrait-marcoroland2.jpg\" class=\"attachment-large size-large wp-image-1012\" alt=\"Ein Mann mit kurzem, hellbraunem Haar und Brille, der einen hellgrauen Blazer \u00fcber einem dunklen, gemusterten Hemd tr\u00e4gt, l\u00e4chelt in die Kamera vor einem hellen Hintergrund.\" srcset=\"https:\/\/pace.berlin\/app\/uploads\/sites\/2\/2025\/08\/portrait-marcoroland2.jpg 768w, https:\/\/pace.berlin\/app\/uploads\/sites\/2\/2025\/08\/portrait-marcoroland2-300x298.jpg 300w, https:\/\/pace.berlin\/app\/uploads\/sites\/2\/2025\/08\/portrait-marcoroland2-150x150.jpg 150w\" sizes=\"(max-width: 768px) 100vw, 768px\" \/>\t\t\t\t\t\t\t\t\t\t\t\t\t\t\t<\/div>\n\t\t\t\t<div class=\"elementor-element elementor-element-7a3571a elementor-widget elementor-widget-text-editor\" data-id=\"7a3571a\" data-element_type=\"widget\" data-e-type=\"widget\" data-settings=\"{&quot;motion_fx_motion_fx_scrolling&quot;:&quot;yes&quot;,&quot;motion_fx_translateY_effect&quot;:&quot;yes&quot;,&quot;motion_fx_translateY_speed&quot;:{&quot;unit&quot;:&quot;px&quot;,&quot;size&quot;:&quot;1.9&quot;,&quot;sizes&quot;:[]},&quot;motion_fx_translateY_affectedRange&quot;:{&quot;unit&quot;:&quot;%&quot;,&quot;size&quot;:&quot;&quot;,&quot;sizes&quot;:{&quot;start&quot;:0,&quot;end&quot;:100}},&quot;motion_fx_devices&quot;:[&quot;desktop&quot;,&quot;tablet&quot;,&quot;mobile&quot;]}\" data-widget_type=\"text-editor.default\">\n\t\t\t\t\t\t\t\t\t\t\t<p>&#8220;For 99% of customers, taste is important and for 91%, healthy food is important. This is exactly what we address with our daily changing, healthy and sustainable dishes.&#8221;<\/p><p><em>&#8211; Marco Roland, Head of Gastronomy<\/em><\/p>\t\t\t\t\t\t\t\t<\/div>\n\t\t\t\t<\/div>\n\t\t\t\t\t<\/div>\n\t\t\t\t<\/div>\n\t\t<div class=\"elementor-element elementor-element-7259dc8 e-flex e-con-boxed e-con e-parent\" data-id=\"7259dc8\" data-element_type=\"container\" data-e-type=\"container\">\n\t\t\t\t\t<div class=\"e-con-inner\">\n\t\t<div class=\"elementor-element elementor-element-1e7a1dc e-grid e-con-full e-con e-child\" data-id=\"1e7a1dc\" data-element_type=\"container\" data-e-type=\"container\">\n\t\t\t\t<div class=\"elementor-element elementor-element-b4f0deb elementor-widget elementor-widget-heading\" data-id=\"b4f0deb\" data-element_type=\"widget\" data-e-type=\"widget\" data-widget_type=\"heading.default\">\n\t\t\t\t\t\t\t<h2 class=\"elementor-heading-title elementor-size-default\">IT HAS TO BE CLEAN! AND ECOLOGICAL TOO! <\/h2>\t\t\t\t<\/div>\n\t\t<div class=\"elementor-element elementor-element-47a5e57 e-grid e-con-full e-con e-child\" data-id=\"47a5e57\" data-element_type=\"container\" data-e-type=\"container\">\n\t\t\t\t<div class=\"elementor-element elementor-element-13522ff elementor-widget elementor-widget-image\" data-id=\"13522ff\" data-element_type=\"widget\" data-e-type=\"widget\" data-widget_type=\"image.default\">\n\t\t\t\t\t\t\t\t\t\t\t\t\t\t\t\t\t<img loading=\"lazy\" decoding=\"async\" width=\"300\" height=\"264\" src=\"https:\/\/pace.berlin\/app\/uploads\/sites\/2\/2025\/08\/nordic-swan-ecolabel-300x264-1.png\" class=\"attachment-large size-large wp-image-1016\" alt=\"Gr\u00fcnes und wei\u00dfes Logo des Umweltzeichens f\u00fcr den Nordischen Schwan, das einen stilisierten Schwan in einem kreisf\u00f6rmigen Design mit dem Text NORDIC SWAN ECOLABEL zeigt, der oben herum geschwungen ist.\" \/>\t\t\t\t\t\t\t\t\t\t\t\t\t\t\t<\/div>\n\t\t\t\t<div class=\"elementor-element elementor-element-94f669e elementor-widget elementor-widget-image\" data-id=\"94f669e\" data-element_type=\"widget\" data-e-type=\"widget\" data-widget_type=\"image.default\">\n\t\t\t\t\t\t\t\t\t\t\t\t\t\t\t\t\t<img loading=\"lazy\" decoding=\"async\" width=\"300\" height=\"296\" src=\"https:\/\/pace.berlin\/app\/uploads\/sites\/2\/2025\/08\/ecolabel-300x296-1.png\" class=\"attachment-large size-large wp-image-1014\" alt=\"EU Ecolabel-Logo mit gr\u00fcnen Bl\u00e4ttern, einem gr\u00fcnen E, blauen Sternen in einem Kreis, den Worten EU Ecolabel und der Website www.ecolabel.eu auf wei\u00dfem Hintergrund.\" \/>\t\t\t\t\t\t\t\t\t\t\t\t\t\t\t<\/div>\n\t\t\t\t<\/div>\n\t\t\t\t<\/div>\n\t\t<div class=\"elementor-element elementor-element-352bfc4 e-con-full e-grid e-con e-child\" data-id=\"352bfc4\" data-element_type=\"container\" data-e-type=\"container\">\n\t\t\t\t<div class=\"elementor-element elementor-element-24cd537 elementor-widget elementor-widget-text-editor\" data-id=\"24cd537\" data-element_type=\"widget\" data-e-type=\"widget\" data-widget_type=\"text-editor.default\">\n\t\t\t\t\t\t\t\t\t\t\t<p>However, acting in an ecologically sustainable manner does not only apply to the preparation of food and drinks. Even when it comes to hygiene and cleaning, the focus is on environmental compatibility. <\/p><p>Our kitchens are audited twice a year in accordance with a HACCP manual created specifically for PACE in collaboration with the Marco Hofmann Institute for Quality Management and Food Safety. The Hazard Analysis and Critical Control Points concept, or HACCP for short, is a concept for analyzing hazards at critical control points.  <\/p>\t\t\t\t\t\t\t\t<\/div>\n\t\t\t\t<div class=\"elementor-element elementor-element-258ed56 elementor-widget elementor-widget-text-editor\" data-id=\"258ed56\" data-element_type=\"widget\" data-e-type=\"widget\" data-widget_type=\"text-editor.default\">\n\t\t\t\t\t\t\t\t\t\t\t<p>The aim is to avoid food-related hazards that could have a negative impact on consumers. Skin and environmental compatibility are also important issues when it comes to the cleaning agents used. <\/p><p>We only use cleaning agents that are certified according to &#8220;Euroblume&#8221; or &#8220;Nordic Swan&#8221;.<\/p><p>We also ensure that employees receive annual training on the safe handling of cleaning agents.<\/p>\t\t\t\t\t\t\t\t<\/div>\n\t\t\t\t<\/div>\n\t\t\t\t\t<\/div>\n\t\t\t\t<\/div>\n\t\t<div class=\"elementor-element elementor-element-1a82a222 e-grid e-con-boxed e-con e-parent\" data-id=\"1a82a222\" data-element_type=\"container\" data-e-type=\"container\" data-settings=\"{&quot;background_background&quot;:&quot;classic&quot;}\">\n\t\t\t\t\t<div class=\"e-con-inner\">\n\t\t<div class=\"elementor-element elementor-element-3f962cd e-grid e-con-full e-con e-child\" data-id=\"3f962cd\" data-element_type=\"container\" data-e-type=\"container\">\n\t\t\t\t<div class=\"elementor-element elementor-element-9e2427c elementor-widget elementor-widget-heading\" data-id=\"9e2427c\" data-element_type=\"widget\" data-e-type=\"widget\" data-widget_type=\"heading.default\">\n\t\t\t\t\t\t\t<h2 class=\"elementor-heading-title elementor-size-default\">Our blog: We talk sustainability\n<\/h2>\t\t\t\t<\/div>\n\t\t<div class=\"elementor-element elementor-element-780a6db e-grid e-con-full e-con e-child\" data-id=\"780a6db\" data-element_type=\"container\" data-e-type=\"container\">\n\t\t\t\t<div class=\"elementor-element elementor-element-1787efe elementor-grid-3 elementor-grid-tablet-2 elementor-grid-mobile-1 elementor-widget elementor-widget-loop-grid\" data-id=\"1787efe\" data-element_type=\"widget\" data-e-type=\"widget\" data-settings=\"{&quot;template_id&quot;:4245,&quot;_skin&quot;:&quot;post&quot;,&quot;columns&quot;:&quot;3&quot;,&quot;columns_tablet&quot;:&quot;2&quot;,&quot;columns_mobile&quot;:&quot;1&quot;,&quot;edit_handle_selector&quot;:&quot;[data-elementor-type=\\&quot;loop-item\\&quot;]&quot;,&quot;row_gap&quot;:{&quot;unit&quot;:&quot;px&quot;,&quot;size&quot;:&quot;&quot;,&quot;sizes&quot;:[]},&quot;row_gap_tablet&quot;:{&quot;unit&quot;:&quot;px&quot;,&quot;size&quot;:&quot;&quot;,&quot;sizes&quot;:[]},&quot;row_gap_mobile&quot;:{&quot;unit&quot;:&quot;px&quot;,&quot;size&quot;:&quot;&quot;,&quot;sizes&quot;:[]}}\" data-widget_type=\"loop-grid.post\">\n\t\t\t\t\t\t<div class=\"elementor-widget-container\">\n\t\t\t\t\t\t\t<div class=\"elementor-loop-container elementor-grid\" role=\"list\">\n\t\t<style id=\"loop-4245\">.elementor-widget-container > .uael-party-propz-wrap i{color:var( --e-global-color-primary );}.elementor-widget-container > .uael-party-propz-wrap svg{fill:var( --e-global-color-primary );}.elementor-4245 .elementor-element.elementor-element-e281750{--display:flex;}.elementor-widget-theme-post-featured-image .widget-image-caption{color:var( --e-global-color-text );font-family:var( --e-global-typography-text-font-family ), Sans-serif;font-size:var( --e-global-typography-text-font-size );font-weight:var( --e-global-typography-text-font-weight );}.elementor-widget-theme-post-featured-image .uael-party-propz-widget-wrap i{color:var( --e-global-color-primary );}.elementor-widget-theme-post-featured-image .uael-party-propz-widget-wrap svg{fill:var( --e-global-color-primary );}.elementor-4245 .elementor-element.elementor-element-0dca436 img{opacity:1;transition-duration:0.5s;}.elementor-4245 .elementor-element.elementor-element-0dca436:hover img{opacity:0.9;}.elementor-widget-theme-post-title .elementor-heading-title{font-family:var( --e-global-typography-primary-font-family ), Sans-serif;color:var( --e-global-color-primary );}.elementor-widget-theme-post-title .uael-party-propz-widget-wrap i{color:var( --e-global-color-primary );}.elementor-widget-theme-post-title .uael-party-propz-widget-wrap svg{fill:var( --e-global-color-primary );}.elementor-4245 .elementor-element.elementor-element-24958d1{text-align:start;}.elementor-4245 .elementor-element.elementor-element-24958d1 .elementor-heading-title{font-family:\"Montserrat\", Sans-serif;font-size:1.4em;font-weight:600;font-style:normal;line-height:1.2em;}.elementor-4245 .elementor-element.elementor-element-24958d1 .elementor-heading-title a:hover, .elementor-4245 .elementor-element.elementor-element-24958d1 .elementor-heading-title a:focus{color:var( --e-global-color-secondary );}.elementor-4245 .elementor-element.elementor-element-24958d1 .elementor-heading-title a{transition-duration:0.2s;}.elementor-widget-theme-post-excerpt{font-family:var( --e-global-typography-text-font-family ), Sans-serif;font-size:var( --e-global-typography-text-font-size );font-weight:var( --e-global-typography-text-font-weight );color:var( --e-global-color-text );}.elementor-widget-theme-post-excerpt .uael-party-propz-widget-wrap i{color:var( --e-global-color-primary );}.elementor-widget-theme-post-excerpt .uael-party-propz-widget-wrap svg{fill:var( --e-global-color-primary );}.elementor-4245 .elementor-element.elementor-element-55f6a02{font-family:\"Montserrat\", Sans-serif;font-size:1em;font-weight:400;color:#000000;}@media(max-width:1024px){.elementor-widget-theme-post-featured-image .widget-image-caption{font-size:var( --e-global-typography-text-font-size );}.elementor-widget-theme-post-excerpt{font-size:var( --e-global-typography-text-font-size );}}@media(max-width:767px){.elementor-widget-theme-post-featured-image .widget-image-caption{font-size:var( --e-global-typography-text-font-size );}.elementor-widget-theme-post-excerpt{font-size:var( --e-global-typography-text-font-size );}}\/* Start custom CSS for container, class: .elementor-element-e281750 *\/.elementor-4245 .elementor-element.elementor-element-e281750 {\n    max-height: auto;\n}\/* End custom CSS *\/<\/style>\t\t<div data-elementor-type=\"loop-item\" data-elementor-id=\"4245\" class=\"elementor elementor-4245 e-loop-item e-loop-item-7769 post-7769 post type-post status-publish format-standard has-post-thumbnail hentry category-canteen category-papa tag-promotion tag-sustainability\" data-elementor-post-type=\"elementor_library\" data-custom-edit-handle=\"1\">\n\t\t\t<div class=\"elementor-element elementor-element-e281750 e-con-full eva-loop-container e-flex e-con e-parent\" data-id=\"e281750\" data-element_type=\"container\" data-e-type=\"container\">\n\t\t\t\t<div class=\"elementor-element elementor-element-0dca436 elementor-widget elementor-widget-theme-post-featured-image elementor-widget-image\" data-id=\"0dca436\" data-element_type=\"widget\" data-e-type=\"widget\" data-widget_type=\"theme-post-featured-image.default\">\n\t\t\t\t\t\t\t\t\t\t\t\t\t\t\t\t\t\t<a href=\"https:\/\/pace.berlin\/en\/blog\/2026\/04\/24\/rem-is-back-season-kickoff-drinks-and-events-above-the-rooftops-of-berlin\/\">\n\t\t\t\t\t\t\t<img loading=\"lazy\" decoding=\"async\" width=\"750\" height=\"750\" src=\"https:\/\/pace.berlin\/app\/uploads\/sites\/2\/2026\/04\/Beitragsbild_REM26.png\" class=\"elementor-animation-grow attachment-large size-large wp-image-7673\" alt=\"Zwei farbenfrohe Cocktails sitzen an einem sonnigen Tag auf einem Tisch unter gro\u00dfen wei\u00dfen Terrassenschirmen an einer Bar im Freien - perfekt, um zu entspannen und neue Rezepte f\u00fcr den VEGANUARY 2026 zu finden. Der eine Drink ist gr\u00fcn mit Limette und Minze, der andere pink mit getrockneter Orange.\" srcset=\"https:\/\/pace.berlin\/app\/uploads\/sites\/2\/2026\/04\/Beitragsbild_REM26.png 750w, https:\/\/pace.berlin\/app\/uploads\/sites\/2\/2026\/04\/Beitragsbild_REM26-300x300.png 300w, https:\/\/pace.berlin\/app\/uploads\/sites\/2\/2026\/04\/Beitragsbild_REM26-150x150.png 150w\" sizes=\"(max-width: 750px) 100vw, 750px\" \/>\t\t\t\t\t\t\t\t<\/a>\n\t\t\t\t\t\t\t\t\t\t\t\t\t\t\t<\/div>\n\t\t\t\t<div class=\"elementor-element elementor-element-24958d1 elementor-widget elementor-widget-theme-post-title elementor-page-title elementor-widget-heading\" data-id=\"24958d1\" data-element_type=\"widget\" data-e-type=\"widget\" data-widget_type=\"theme-post-title.default\">\n\t\t\t\t\t\t<\/div>\n\t\t\t\t<div class=\"elementor-element elementor-element-55f6a02 elementor-widget elementor-widget-theme-post-excerpt\" data-id=\"55f6a02\" data-element_type=\"widget\" data-e-type=\"widget\" data-widget_type=\"theme-post-excerpt.default\">\n\t\t\t\t\t\t\tREM is reopening its doors and bringing more than just drinks: Look forward to the start of the season, an opening party, quiz &amp; games night, after-work events, and much more...\t\t\t\t<\/div>\n\t\t\t\t<\/div>\n\t\t\t\t<\/div>\n\t\t\t\t<div data-elementor-type=\"loop-item\" data-elementor-id=\"4245\" class=\"elementor elementor-4245 e-loop-item e-loop-item-7550 post-7550 post type-post status-publish format-standard has-post-thumbnail hentry category-canteen category-papa tag-promotion tag-sustainability\" data-elementor-post-type=\"elementor_library\" data-custom-edit-handle=\"1\">\n\t\t\t<div class=\"elementor-element elementor-element-e281750 e-con-full eva-loop-container e-flex e-con e-parent\" data-id=\"e281750\" data-element_type=\"container\" data-e-type=\"container\">\n\t\t\t\t<div class=\"elementor-element elementor-element-0dca436 elementor-widget elementor-widget-theme-post-featured-image elementor-widget-image\" data-id=\"0dca436\" data-element_type=\"widget\" data-e-type=\"widget\" data-widget_type=\"theme-post-featured-image.default\">\n\t\t\t\t\t\t\t\t\t\t\t\t\t\t\t\t\t\t<a href=\"https:\/\/pace.berlin\/en\/blog\/2026\/03\/30\/veganuary-2026-at-pace-the-recipes-are-out-now\/\">\n\t\t\t\t\t\t\t<img loading=\"lazy\" decoding=\"async\" width=\"750\" height=\"750\" src=\"https:\/\/pace.berlin\/app\/uploads\/sites\/2\/2026\/03\/Beitragsbild_VEGANUARY_Kochbuch2.png\" class=\"elementor-animation-grow attachment-large size-large wp-image-7544\" alt=\"Der fette, bunte Text I CAN, YOU CAN, VEGAN steht auf gelben, orangefarbenen und rosa Bl\u00f6cken. Darunter steht in kleinerer Schrift auf Deutsch: DIE REZEPTE VON UNSEREM VEGANUARY 2026 auf wei\u00dfem Hintergrund - Set the PACE for plant-based living!.\" srcset=\"https:\/\/pace.berlin\/app\/uploads\/sites\/2\/2026\/03\/Beitragsbild_VEGANUARY_Kochbuch2.png 750w, https:\/\/pace.berlin\/app\/uploads\/sites\/2\/2026\/03\/Beitragsbild_VEGANUARY_Kochbuch2-300x300.png 300w, https:\/\/pace.berlin\/app\/uploads\/sites\/2\/2026\/03\/Beitragsbild_VEGANUARY_Kochbuch2-150x150.png 150w\" sizes=\"(max-width: 750px) 100vw, 750px\" \/>\t\t\t\t\t\t\t\t<\/a>\n\t\t\t\t\t\t\t\t\t\t\t\t\t\t\t<\/div>\n\t\t\t\t<div class=\"elementor-element elementor-element-24958d1 elementor-widget elementor-widget-theme-post-title elementor-page-title elementor-widget-heading\" data-id=\"24958d1\" data-element_type=\"widget\" data-e-type=\"widget\" data-widget_type=\"theme-post-title.default\">\n\t\t\t\t\t\t<\/div>\n\t\t\t\t<div class=\"elementor-element elementor-element-55f6a02 elementor-widget elementor-widget-theme-post-excerpt\" data-id=\"55f6a02\" data-element_type=\"widget\" data-e-type=\"widget\" data-widget_type=\"theme-post-excerpt.default\">\n\t\t\t\t\t\t\tVeganuary 2026 at PACE: Lots of great plant-based recipes and hearty meals.\nWe\u2019ve compiled the best dishes from our community into a recipe collection for you to try out and enjoy.\t\t\t\t<\/div>\n\t\t\t\t<\/div>\n\t\t\t\t<\/div>\n\t\t\t\t<div data-elementor-type=\"loop-item\" data-elementor-id=\"4245\" class=\"elementor elementor-4245 e-loop-item e-loop-item-7283 post-7283 post type-post status-publish format-standard has-post-thumbnail hentry category-canteen category-papa tag-promotion tag-sustainability\" data-elementor-post-type=\"elementor_library\" data-custom-edit-handle=\"1\">\n\t\t\t<div class=\"elementor-element elementor-element-e281750 e-con-full eva-loop-container e-flex e-con e-parent\" data-id=\"e281750\" data-element_type=\"container\" data-e-type=\"container\">\n\t\t\t\t<div class=\"elementor-element elementor-element-0dca436 elementor-widget elementor-widget-theme-post-featured-image elementor-widget-image\" data-id=\"0dca436\" data-element_type=\"widget\" data-e-type=\"widget\" data-widget_type=\"theme-post-featured-image.default\">\n\t\t\t\t\t\t\t\t\t\t\t\t\t\t\t\t\t\t<a href=\"https:\/\/pace.berlin\/en\/blog\/2026\/01\/05\/veganuary-2026-i-can-you-can-vegan\/\">\n\t\t\t\t\t\t\t<img loading=\"lazy\" decoding=\"async\" width=\"800\" height=\"439\" src=\"https:\/\/pace.berlin\/app\/uploads\/sites\/2\/2026\/01\/thumbnail_veganuary2025_titel-en-1-1024x562.jpg\" class=\"elementor-animation-grow attachment-large size-large wp-image-7275\" alt=\"Der Text lautet I CAN, YOU CAN, VEGAN in fetten schwarzen Buchstaben auf gelben, orangefarbenen und rosafarbenen Rechtecken, zentriert auf einem dunkelgr\u00fcnen Hintergrund - die perfekte Inspiration f\u00fcr Veganuary 2026.\" srcset=\"https:\/\/pace.berlin\/app\/uploads\/sites\/2\/2026\/01\/thumbnail_veganuary2025_titel-en-1-1024x562.jpg 1024w, https:\/\/pace.berlin\/app\/uploads\/sites\/2\/2026\/01\/thumbnail_veganuary2025_titel-en-1-300x165.jpg 300w, https:\/\/pace.berlin\/app\/uploads\/sites\/2\/2026\/01\/thumbnail_veganuary2025_titel-en-1-768x421.jpg 768w, https:\/\/pace.berlin\/app\/uploads\/sites\/2\/2026\/01\/thumbnail_veganuary2025_titel-en-1-1536x842.jpg 1536w, https:\/\/pace.berlin\/app\/uploads\/sites\/2\/2026\/01\/thumbnail_veganuary2025_titel-en-1.jpg 1920w\" sizes=\"(max-width: 800px) 100vw, 800px\" \/>\t\t\t\t\t\t\t\t<\/a>\n\t\t\t\t\t\t\t\t\t\t\t\t\t\t\t<\/div>\n\t\t\t\t<div class=\"elementor-element elementor-element-24958d1 elementor-widget elementor-widget-theme-post-title elementor-page-title elementor-widget-heading\" data-id=\"24958d1\" data-element_type=\"widget\" data-e-type=\"widget\" data-widget_type=\"theme-post-title.default\">\n\t\t\t\t\t\t<\/div>\n\t\t\t\t<div class=\"elementor-element elementor-element-55f6a02 elementor-widget elementor-widget-theme-post-excerpt\" data-id=\"55f6a02\" data-element_type=\"widget\" data-e-type=\"widget\" data-widget_type=\"theme-post-excerpt.default\">\n\t\t\t\t\t\t\tWe are starting this January of the New Year with vegan resolutions once again. And the best part is that your colleagues are sharing their favorite recipes, which we will cook for you... \t\t\t\t<\/div>\n\t\t\t\t<\/div>\n\t\t\t\t<\/div>\n\t\t\t\t<\/div>\n\t\t\n\t\t\t\t\t\t<\/div>\n\t\t\t\t<\/div>\n\t\t\t\t<\/div>\n\t\t\t\t<div class=\"elementor-element elementor-element-5d4b8c6 elementor-widget elementor-widget-button\" data-id=\"5d4b8c6\" data-element_type=\"widget\" data-e-type=\"widget\" data-widget_type=\"button.default\">\n\t\t\t\t\t\t\t\t\t\t\t\t<a class=\"elementor-button elementor-button-link elementor-size-sm\" href=\"https:\/\/pace.berlin\/en\/blog\/\">\n\t\t\t\t\t\t<span class=\"elementor-button-content-wrapper\">\n\t\t\t\t\t\t\t\t\t<span class=\"elementor-button-text\">To the blog<\/span>\n\t\t\t\t\t<\/span>\n\t\t\t\t\t<\/a>\n\t\t\t\t\t\t\t\t<\/div>\n\t\t\t\t<\/div>\n\t\t\t\t\t<\/div>\n\t\t\t\t<\/div>\n\t\t<div class=\"elementor-element elementor-element-7206856d e-grid e-con-full e-con e-parent\" data-id=\"7206856d\" data-element_type=\"container\" data-e-type=\"container\" data-settings=\"{&quot;background_background&quot;:&quot;classic&quot;}\">\n\t\t\t\t<div class=\"elementor-element elementor-element-d045254 elementor-widget elementor-widget-template\" data-id=\"d045254\" data-element_type=\"widget\" data-e-type=\"widget\" data-widget_type=\"template.default\">\n\t\t\t\t\t\t<div class=\"elementor-widget-container\">\n\t\t\t\t\t\t\t<div class=\"elementor-template\">\n\t\t\t\t\t<div data-elementor-type=\"container\" data-elementor-id=\"5372\" class=\"elementor elementor-5372 elementor-402 elementor-402\" data-elementor-post-type=\"elementor_library\">\n\t\t\t\t<div class=\"elementor-element elementor-element-102c58d e-grid e-con-full e-con e-parent\" data-id=\"102c58d\" data-element_type=\"container\" data-e-type=\"container\" data-settings=\"{&quot;background_background&quot;:&quot;classic&quot;}\">\n\t\t\t\t<div class=\"elementor-element elementor-element-7c437ab5 elementor-widget elementor-widget-heading\" data-id=\"7c437ab5\" data-element_type=\"widget\" data-e-type=\"widget\" data-widget_type=\"heading.default\">\n\t\t\t\t\t\t\t<h2 class=\"elementor-heading-title elementor-size-default\"><a href=\"https:\/\/jobs.smartrecruiters.com\/oneclick-ui\/company\/PACEPaparazziCateringEventGmbH\/job\/1862278426?lang=de&#038;sid=\"><span><u>Join<\/u><\/span> the Team<\/a><\/h2>\t\t\t\t<\/div>\n\t\t\t\t<div class=\"elementor-element elementor-element-494f1ae2 elementor-widget elementor-widget-text-editor\" data-id=\"494f1ae2\" data-element_type=\"widget\" data-e-type=\"widget\" data-widget_type=\"text-editor.default\">\n\t\t\t\t\t\t\t\t\t\t\t<p>Apprentices, interns, chefs, service staff, kitchen assistants, cashiers, controllers, buyers, HR specialists and IT experts all work here. <strong>Only you are missing!<\/strong><\/p>\t\t\t\t\t\t\t\t<\/div>\n\t\t\t\t<\/div>\n\t\t\t\t<\/div>\n\t\t\t\t<\/div>\n\t\t\t\t\t\t<\/div>\n\t\t\t\t<\/div>\n\t\t\t\t<\/div>\n\t\t<div class=\"elementor-element elementor-element-71b4fccc e-flex e-con-boxed e-con e-parent\" data-id=\"71b4fccc\" data-element_type=\"container\" data-e-type=\"container\">\n\t\t\t\t\t<div class=\"e-con-inner\">\n\t\t\t\t\t<\/div>\n\t\t\t\t<\/div>\n\t\t\t\t<\/div>\n\t\t","protected":false},"excerpt":{"rendered":"<p>For our environment: climate protection with the goal of net zero. Every day, we are motivated by the desire to provide our guests and customers with a special experience in terms of taste, social interaction and event enjoyment. In doing so, we are always mindful of the efficient and environmentally friendly use of resources in [&hellip;]<\/p>\n","protected":false},"author":2,"featured_media":0,"parent":1394,"menu_order":0,"comment_status":"closed","ping_status":"closed","template":"","meta":{"footnotes":""},"categories":[],"class_list":["post-1567","page","type-page","status-publish","hentry"],"yoast_head":"<!-- This site is optimized with the Yoast SEO plugin v27.4 - https:\/\/yoast.com\/product\/yoast-seo-wordpress\/ -->\n<title>Environment - PACE Berlin<\/title>\n<meta name=\"robots\" content=\"index, follow, max-snippet:-1, max-image-preview:large, max-video-preview:-1\" \/>\n<link rel=\"canonical\" href=\"https:\/\/pace.berlin\/catering\/ueber-uns\/verantwortung\/umwelt\/\" \/>\n<meta property=\"og:locale\" content=\"en_US\" \/>\n<meta property=\"og:type\" content=\"article\" \/>\n<meta property=\"og:title\" content=\"Environment - PACE Berlin\" \/>\n<meta property=\"og:description\" content=\"For our environment: climate protection with the goal of net zero. Every day, we are motivated by the desire to provide our guests and customers with a special experience in terms of taste, social interaction and event enjoyment. In doing so, we are always mindful of the efficient and environmentally friendly use of resources in [&hellip;]\" \/>\n<meta property=\"og:url\" content=\"https:\/\/pace.berlin\/catering\/ueber-uns\/verantwortung\/umwelt\/\" \/>\n<meta property=\"og:site_name\" content=\"PACE Berlin\" \/>\n<meta property=\"article:modified_time\" content=\"2025-09-16T10:14:44+00:00\" \/>\n<meta property=\"og:image\" content=\"https:\/\/pace.berlin\/app\/uploads\/sites\/2\/2025\/08\/TEASER_BLOG_GREEN_CANTEEN.png\" \/>\n\t<meta property=\"og:image:width\" content=\"374\" \/>\n\t<meta property=\"og:image:height\" content=\"374\" \/>\n\t<meta property=\"og:image:type\" content=\"image\/png\" \/>\n<meta name=\"twitter:card\" content=\"summary_large_image\" \/>\n<meta name=\"twitter:label1\" content=\"Est. reading time\" \/>\n\t<meta name=\"twitter:data1\" content=\"2 minutes\" \/>\n<script type=\"application\/ld+json\" class=\"yoast-schema-graph\">{\"@context\":\"https:\\\/\\\/schema.org\",\"@graph\":[{\"@type\":\"WebPage\",\"@id\":\"https:\\\/\\\/pace.berlin\\\/catering\\\/ueber-uns\\\/verantwortung\\\/umwelt\\\/\",\"url\":\"https:\\\/\\\/pace.berlin\\\/catering\\\/ueber-uns\\\/verantwortung\\\/umwelt\\\/\",\"name\":\"Environment - PACE Berlin\",\"isPartOf\":{\"@id\":\"https:\\\/\\\/pace.berlin\\\/#website\"},\"primaryImageOfPage\":{\"@id\":\"https:\\\/\\\/pace.berlin\\\/catering\\\/ueber-uns\\\/verantwortung\\\/umwelt\\\/#primaryimage\"},\"image\":{\"@id\":\"https:\\\/\\\/pace.berlin\\\/catering\\\/ueber-uns\\\/verantwortung\\\/umwelt\\\/#primaryimage\"},\"thumbnailUrl\":\"https:\\\/\\\/pace.berlin\\\/app\\\/uploads\\\/sites\\\/2\\\/2025\\\/08\\\/TEASER_BLOG_GREEN_CANTEEN.png\",\"datePublished\":\"2025-08-21T21:17:05+00:00\",\"dateModified\":\"2025-09-16T10:14:44+00:00\",\"breadcrumb\":{\"@id\":\"https:\\\/\\\/pace.berlin\\\/catering\\\/ueber-uns\\\/verantwortung\\\/umwelt\\\/#breadcrumb\"},\"inLanguage\":\"en-US\",\"potentialAction\":[{\"@type\":\"ReadAction\",\"target\":[\"https:\\\/\\\/pace.berlin\\\/catering\\\/ueber-uns\\\/verantwortung\\\/umwelt\\\/\"]}]},{\"@type\":\"ImageObject\",\"inLanguage\":\"en-US\",\"@id\":\"https:\\\/\\\/pace.berlin\\\/catering\\\/ueber-uns\\\/verantwortung\\\/umwelt\\\/#primaryimage\",\"url\":\"https:\\\/\\\/pace.berlin\\\/app\\\/uploads\\\/sites\\\/2\\\/2025\\\/08\\\/TEASER_BLOG_GREEN_CANTEEN.png\",\"contentUrl\":\"https:\\\/\\\/pace.berlin\\\/app\\\/uploads\\\/sites\\\/2\\\/2025\\\/08\\\/TEASER_BLOG_GREEN_CANTEEN.png\"},{\"@type\":\"BreadcrumbList\",\"@id\":\"https:\\\/\\\/pace.berlin\\\/catering\\\/ueber-uns\\\/verantwortung\\\/umwelt\\\/#breadcrumb\",\"itemListElement\":[{\"@type\":\"ListItem\",\"position\":1,\"name\":\"Catering\",\"item\":\"https:\\\/\\\/pace.berlin\\\/catering\\\/\"},{\"@type\":\"ListItem\",\"position\":2,\"name\":\"About us\",\"item\":\"https:\\\/\\\/pace.berlin\\\/catering\\\/ueber-uns\\\/\"},{\"@type\":\"ListItem\",\"position\":3,\"name\":\"responsibility\",\"item\":\"https:\\\/\\\/pace.berlin\\\/catering\\\/ueber-uns\\\/verantwortung\\\/\"},{\"@type\":\"ListItem\",\"position\":4,\"name\":\"Environment\"}]},{\"@type\":\"WebSite\",\"@id\":\"https:\\\/\\\/pace.berlin\\\/#website\",\"url\":\"https:\\\/\\\/pace.berlin\\\/\",\"name\":\"PACE Berlin\",\"description\":\"We are pace!  people of Axel Springer creating\u00ad Catering and Events\",\"potentialAction\":[{\"@type\":\"SearchAction\",\"target\":{\"@type\":\"EntryPoint\",\"urlTemplate\":\"https:\\\/\\\/pace.berlin\\\/?s={search_term_string}\"},\"query-input\":{\"@type\":\"PropertyValueSpecification\",\"valueRequired\":true,\"valueName\":\"search_term_string\"}}],\"inLanguage\":\"en-US\"}]}<\/script>\n<!-- \/ Yoast SEO plugin. -->","yoast_head_json":{"title":"Environment - PACE Berlin","robots":{"index":"index","follow":"follow","max-snippet":"max-snippet:-1","max-image-preview":"max-image-preview:large","max-video-preview":"max-video-preview:-1"},"canonical":"https:\/\/pace.berlin\/catering\/ueber-uns\/verantwortung\/umwelt\/","og_locale":"en_US","og_type":"article","og_title":"Environment - PACE Berlin","og_description":"For our environment: climate protection with the goal of net zero. Every day, we are motivated by the desire to provide our guests and customers with a special experience in terms of taste, social interaction and event enjoyment. In doing so, we are always mindful of the efficient and environmentally friendly use of resources in [&hellip;]","og_url":"https:\/\/pace.berlin\/catering\/ueber-uns\/verantwortung\/umwelt\/","og_site_name":"PACE Berlin","article_modified_time":"2025-09-16T10:14:44+00:00","og_image":[{"width":374,"height":374,"url":"https:\/\/pace.berlin\/app\/uploads\/sites\/2\/2025\/08\/TEASER_BLOG_GREEN_CANTEEN.png","type":"image\/png"}],"twitter_card":"summary_large_image","twitter_misc":{"Est. reading time":"2 minutes"},"schema":{"@context":"https:\/\/schema.org","@graph":[{"@type":"WebPage","@id":"https:\/\/pace.berlin\/catering\/ueber-uns\/verantwortung\/umwelt\/","url":"https:\/\/pace.berlin\/catering\/ueber-uns\/verantwortung\/umwelt\/","name":"Environment - PACE Berlin","isPartOf":{"@id":"https:\/\/pace.berlin\/#website"},"primaryImageOfPage":{"@id":"https:\/\/pace.berlin\/catering\/ueber-uns\/verantwortung\/umwelt\/#primaryimage"},"image":{"@id":"https:\/\/pace.berlin\/catering\/ueber-uns\/verantwortung\/umwelt\/#primaryimage"},"thumbnailUrl":"https:\/\/pace.berlin\/app\/uploads\/sites\/2\/2025\/08\/TEASER_BLOG_GREEN_CANTEEN.png","datePublished":"2025-08-21T21:17:05+00:00","dateModified":"2025-09-16T10:14:44+00:00","breadcrumb":{"@id":"https:\/\/pace.berlin\/catering\/ueber-uns\/verantwortung\/umwelt\/#breadcrumb"},"inLanguage":"en-US","potentialAction":[{"@type":"ReadAction","target":["https:\/\/pace.berlin\/catering\/ueber-uns\/verantwortung\/umwelt\/"]}]},{"@type":"ImageObject","inLanguage":"en-US","@id":"https:\/\/pace.berlin\/catering\/ueber-uns\/verantwortung\/umwelt\/#primaryimage","url":"https:\/\/pace.berlin\/app\/uploads\/sites\/2\/2025\/08\/TEASER_BLOG_GREEN_CANTEEN.png","contentUrl":"https:\/\/pace.berlin\/app\/uploads\/sites\/2\/2025\/08\/TEASER_BLOG_GREEN_CANTEEN.png"},{"@type":"BreadcrumbList","@id":"https:\/\/pace.berlin\/catering\/ueber-uns\/verantwortung\/umwelt\/#breadcrumb","itemListElement":[{"@type":"ListItem","position":1,"name":"Catering","item":"https:\/\/pace.berlin\/catering\/"},{"@type":"ListItem","position":2,"name":"About us","item":"https:\/\/pace.berlin\/catering\/ueber-uns\/"},{"@type":"ListItem","position":3,"name":"responsibility","item":"https:\/\/pace.berlin\/catering\/ueber-uns\/verantwortung\/"},{"@type":"ListItem","position":4,"name":"Environment"}]},{"@type":"WebSite","@id":"https:\/\/pace.berlin\/#website","url":"https:\/\/pace.berlin\/","name":"PACE Berlin","description":"We are pace!  people of Axel Springer creating\u00ad Catering and Events","potentialAction":[{"@type":"SearchAction","target":{"@type":"EntryPoint","urlTemplate":"https:\/\/pace.berlin\/?s={search_term_string}"},"query-input":{"@type":"PropertyValueSpecification","valueRequired":true,"valueName":"search_term_string"}}],"inLanguage":"en-US"}]}},"_links":{"self":[{"href":"https:\/\/pace.berlin\/en\/wp-json\/wp\/v2\/pages\/1567","targetHints":{"allow":["GET"]}}],"collection":[{"href":"https:\/\/pace.berlin\/en\/wp-json\/wp\/v2\/pages"}],"about":[{"href":"https:\/\/pace.berlin\/en\/wp-json\/wp\/v2\/types\/page"}],"author":[{"embeddable":true,"href":"https:\/\/pace.berlin\/en\/wp-json\/wp\/v2\/users\/2"}],"replies":[{"embeddable":true,"href":"https:\/\/pace.berlin\/en\/wp-json\/wp\/v2\/comments?post=1567"}],"version-history":[{"count":5,"href":"https:\/\/pace.berlin\/en\/wp-json\/wp\/v2\/pages\/1567\/revisions"}],"predecessor-version":[{"id":6163,"href":"https:\/\/pace.berlin\/en\/wp-json\/wp\/v2\/pages\/1567\/revisions\/6163"}],"up":[{"embeddable":true,"href":"https:\/\/pace.berlin\/en\/wp-json\/wp\/v2\/pages\/1394"}],"wp:attachment":[{"href":"https:\/\/pace.berlin\/en\/wp-json\/wp\/v2\/media?parent=1567"}],"wp:term":[{"taxonomy":"category","embeddable":true,"href":"https:\/\/pace.berlin\/en\/wp-json\/wp\/v2\/categories?post=1567"}],"curies":[{"name":"wp","href":"https:\/\/api.w.org\/{rel}","templated":true}]}}